{"id":1812,"date":"2020-06-02T08:59:13","date_gmt":"2020-06-02T08:59:13","guid":{"rendered":"http:\/\/kaumo.fi\/?post_type=tribe_events&#038;p=1812"},"modified":"2020-08-10T06:50:43","modified_gmt":"2020-08-10T06:50:43","slug":"lukuvuoden-avajaistilaisuus-2","status":"publish","type":"tribe_events","link":"http:\/\/kaumo.fi\/sv\/event\/lukuvuoden-avajaistilaisuus-2\/","title":{"rendered":"L\u00e4s\u00e5rets inskriptionstillf\u00e4lle"},"content":{"rendered":"<div id=\"js_1h\" class=\"_5pbx userContent _3576\" data-testid=\"post_message\" data-ft=\"{\">\n<div id=\"id_5f30eb058513d1903003016\" class=\"text_exposed_root text_exposed\">\n<p>Lukuvuoden avajaisia ja yhteisi\u00e4 tuntien sopimisia ei valitettavasti j\u00e4rjestet\u00e4 t\u00e4n\u00e4 vuonna, jotta v\u00e4lt\u00e4mme isompien ryhmien joukkotapaamisia. Postitamme kaikille oppilaille infokirjeen s\u00e4hk\u00f6postitse viikolla 33. Opettajat ovat yhteydess\u00e4 oppilaisiin viimeist\u00e4\u00e4n ma 17.8. ja sopivat soittotuntien ajankohdat. Aloitamme opetuksen normaalisti l\u00e4hiopetuksena, mutta seuraamme viranomaisten ohjeistuksia ja toimimme sen mukaisesti.<\/p>\n<p>Ohessa on linkki \u00a0koskien tarkempia Opetushallituksen antamia ohjeistuksia opetuksen j\u00e4rjest\u00e4misest\u00e4.\u00a0<a href=\"https:\/\/www.oph.fi\/fi\/koulutus-ja-tutkinnot\/taiteen-perusopetuksen-jarjestaminen-182020-alkaen\">https:\/\/www.oph.fi\/fi\/koulutus-ja-tutkinnot\/taiteen-perusopetuksen-jarjestaminen-182020-alkaen<\/a><\/p>\n<div class=\"text_exposed_show\">\n<p>Yksil\u00f6opetus alkaa ti 18.8. Ryhm\u00e4opetus (mm. Musiikin hahmotusaineet) alkaa p\u00e4\u00e4s\u00e4nt\u00f6isesti seuraavalla viikolla, eli viikolla 35. Muskarit alkavat my\u00f6s viikolla 35, paitsi Ankkalampi-p\u00e4iv\u00e4kodin muskarit, jotka alkavat jo 18.8.<\/p>\n<\/div>\n<\/div>\n<\/div>\n<p>Tervetuloa aloittamaan syyslukukausi!<\/p>\n<p>***<\/p>\n<p>I \u00e5r inleds l\u00e4s\u00e5ret tyv\u00e4rr inte med inskription. Ist\u00e4llet kommer alla elever att f\u00e5 ett infopaket skickat till sig per e-post. L\u00e4rarna tar kontakt med alla sina elever och kommer \u00f6verens om lektionstid senast p\u00e5 m\u00e5n 17.8. Vi inleder undervisningen normalt, men tar i beaktande myndigheternas rekommendationer.<\/p>\n<p>H\u00e4r \u00e4r linken till Utbidningsstyrelsens hemsidor, var finns mera om ordnandet av grundl\u00e4ggande konstundervisning fr\u00e5n och med 1.8.2020.\u00a0<a href=\"https:\/\/www.oph.fi\/sv\/utbildning-och-examina\/ordnande-av-grundlaggande-konstundervisning-fran-och-med-182020\">https:\/\/www.oph.fi\/sv\/utbildning-och-examina\/ordnande-av-grundlaggande-konstundervisning-fran-och-med-182020<\/a><\/p>\n<p>Den individuella undervisningen b\u00f6rjar tisdagen 18.8. Gruppundervisningen (bla Gestaltning av musik) b\u00f6rjar veckan d\u00e4rp\u00e5, vecka 35.<\/p>\n<p>V\u00e4lkommen till en ny h\u00f6sttermin!<\/p>\n","protected":false},"excerpt":{"rendered":"<p>Lukuvuoden avajaisia ja yhteisi\u00e4 tuntien sopimisia ei valitettavasti j\u00e4rjestet\u00e4 t\u00e4n\u00e4 vuonna, jotta v\u00e4lt\u00e4mme isompien ryhmien joukkotapaamisia. Postitamme kaikille oppilaille infokirjeen s\u00e4hk\u00f6postitse viikolla 33. Opettajat ovat yhteydess\u00e4 oppilaisiin viimeist\u00e4\u00e4n ma 17.8. [&hellip;]<\/p>\n","protected":false},"author":2,"featured_media":0,"template":"","meta":{"_tribe_events_status":"","_tribe_events_status_reason":"","footnotes":""},"tags":[],"tribe_events_cat":[],"class_list":["post-1812","tribe_events","type-tribe_events","status-publish","hentry"],"translation":{"provider":"WPGlobus","version":"3.0.0","language":"sv","enabled_languages":["fi","sv"],"languages":{"fi":{"title":true,"content":true,"excerpt":false},"sv":{"title":true,"content":false,"excerpt":false}}},"_links":{"self":[{"href":"http:\/\/kaumo.fi\/sv\/wp-json\/wp\/v2\/tribe_events\/1812","targetHints":{"allow":["GET"]}}],"collection":[{"href":"http:\/\/kaumo.fi\/sv\/wp-json\/wp\/v2\/tribe_events"}],"about":[{"href":"http:\/\/kaumo.fi\/sv\/wp-json\/wp\/v2\/types\/tribe_events"}],"author":[{"embeddable":true,"href":"http:\/\/kaumo.fi\/sv\/wp-json\/wp\/v2\/users\/2"}],"version-history":[{"count":18,"href":"http:\/\/kaumo.fi\/sv\/wp-json\/wp\/v2\/tribe_events\/1812\/revisions"}],"predecessor-version":[{"id":5451,"href":"http:\/\/kaumo.fi\/sv\/wp-json\/wp\/v2\/tribe_events\/1812\/revisions\/5451"}],"wp:attachment":[{"href":"http:\/\/kaumo.fi\/sv\/wp-json\/wp\/v2\/media?parent=1812"}],"wp:term":[{"taxonomy":"post_tag","embeddable":true,"href":"http:\/\/kaumo.fi\/sv\/wp-json\/wp\/v2\/tags?post=1812"},{"taxonomy":"tribe_events_cat","embeddable":true,"href":"http:\/\/kaumo.fi\/sv\/wp-json\/wp\/v2\/tribe_events_cat?post=1812"}],"curies":[{"name":"wp","href":"https:\/\/api.w.org\/{rel}","templated":true}]}}