{"id":2816,"date":"2020-05-15T09:54:18","date_gmt":"2020-05-15T09:54:18","guid":{"rendered":"http:\/\/kaumo.fi\/?post_type=tribe_events&#038;p=2816"},"modified":"2021-08-31T07:30:57","modified_gmt":"2021-08-31T07:30:57","slug":"juhlasoitto","status":"publish","type":"tribe_events","link":"http:\/\/kaumo.fi\/sv\/event\/juhlasoitto\/","title":{"rendered":"Festspel!"},"content":{"rendered":"<p>Gardets musikk\u00e5r, som \u00e4r representationsorkester f\u00f6r republikens president, ordnar tillsammans med Grankulla musikinstitut en gemensam konsert i Nya Paviljongen. Konserten \u00e4r samtidigt musikinstitutets 50-\u00e5rs festkonsert.<\/p>\n<p class=\"lead\">Gardets musikk\u00e5r grundades 1819 och \u00e4r den \u00e4ldsta fortfarande verksamma yrkesorkestern i Finland. Numera \u00e4r Gardets musikk\u00e5r med sina 42 musiker f\u00f6rsvarsmaktens representationsmusikk\u00e5r, som f\u00f6rutom vid f\u00f6rsvarsmaktens egna evenemang \u00e4ven upptr\u00e4der vid statliga evenemang s\u00e5som statsbes\u00f6k och festmottagningen p\u00e5 sj\u00e4lvst\u00e4ndighetsdagen som Republikens president st\u00e5r v\u00e4rd f\u00f6r. Gardets musikk\u00e5r upptr\u00e4der ocks\u00e5 regelbundet utomlands.<\/p>\n<p>Grankulla musikinstituts bl\u00e5s- och slagverkarelever spelar under sina musikstudier i bl\u00e5sorkester. I institutet finns tre olika niv\u00e5ers orkestrar. Orkestern Coda best\u00e5r av de elever som hunnit l\u00e4ngst i sina musikstudier. I konserten som ordnas i november f\u00f6renar Coda sina krafter med Gardets musikk\u00e5r.<\/p>\n<p>I konserten spelar b\u00e5de hela stororkestern samt mindre ensemblen fr\u00e5n musikinstitutet och Gardets musikk\u00e5r.<\/p>\n<p>Dirigent \u00e4r Paula Suhonen och Tommi Nurminen.<\/p>\n<p>Fritt intr\u00e4de<\/p>\n","protected":false},"excerpt":{"rendered":"<p>Gardets musikk\u00e5r, som \u00e4r representationsorkester f\u00f6r republikens president, ordnar tillsammans med Grankulla musikinstitut en gemensam konsert i Nya Paviljongen. Konserten \u00e4r samtidigt musikinstitutets 50-\u00e5rs festkonsert. Gardets musikk\u00e5r grundades 1819 och [&hellip;]<\/p>\n","protected":false},"author":2,"featured_media":0,"template":"","meta":{"_tribe_events_status":"","_tribe_events_status_reason":"","footnotes":""},"tags":[],"tribe_events_cat":[],"class_list":["post-2816","tribe_events","type-tribe_events","status-publish","hentry"],"translation":{"provider":"WPGlobus","version":"3.0.0","language":"sv","enabled_languages":["fi","sv"],"languages":{"fi":{"title":true,"content":true,"excerpt":false},"sv":{"title":true,"content":true,"excerpt":false}}},"_links":{"self":[{"href":"http:\/\/kaumo.fi\/sv\/wp-json\/wp\/v2\/tribe_events\/2816","targetHints":{"allow":["GET"]}}],"collection":[{"href":"http:\/\/kaumo.fi\/sv\/wp-json\/wp\/v2\/tribe_events"}],"about":[{"href":"http:\/\/kaumo.fi\/sv\/wp-json\/wp\/v2\/types\/tribe_events"}],"author":[{"embeddable":true,"href":"http:\/\/kaumo.fi\/sv\/wp-json\/wp\/v2\/users\/2"}],"version-history":[{"count":9,"href":"http:\/\/kaumo.fi\/sv\/wp-json\/wp\/v2\/tribe_events\/2816\/revisions"}],"predecessor-version":[{"id":4151,"href":"http:\/\/kaumo.fi\/sv\/wp-json\/wp\/v2\/tribe_events\/2816\/revisions\/4151"}],"wp:attachment":[{"href":"http:\/\/kaumo.fi\/sv\/wp-json\/wp\/v2\/media?parent=2816"}],"wp:term":[{"taxonomy":"post_tag","embeddable":true,"href":"http:\/\/kaumo.fi\/sv\/wp-json\/wp\/v2\/tags?post=2816"},{"taxonomy":"tribe_events_cat","embeddable":true,"href":"http:\/\/kaumo.fi\/sv\/wp-json\/wp\/v2\/tribe_events_cat?post=2816"}],"curies":[{"name":"wp","href":"https:\/\/api.w.org\/{rel}","templated":true}]}}