{"id":13,"date":"2017-11-22T13:31:27","date_gmt":"2017-11-22T13:31:27","guid":{"rendered":"http:\/\/u44921.shellit.org\/?page_id=13"},"modified":"2026-04-29T07:29:11","modified_gmt":"2026-04-29T07:29:11","slug":"info","status":"publish","type":"page","link":"https:\/\/kaumo.fi\/sv\/info\/","title":{"rendered":"Info"},"content":{"rendered":"[vc_row fullwidth=&#8221;true&#8221; css=&#8221;.vc_custom_1511529543975{background-color: #eb4339 !important;}&#8221;][vc_column width=&#8221;1\/2&#8243;][mk_padding_divider size=&#8221;50&#8243;][mk_fancy_title font_family=&#8221;none&#8221; el_class=&#8221;h1-white&#8221;]\n<h1 style=\"text-align: center;\">MUSIKFOSTRAN F\u00d6R SM\u00c5BARN<\/h1>\n[\/mk_fancy_title][\/vc_column][vc_column width=&#8221;1\/2&#8243;][mk_padding_divider size=&#8221;50&#8243;][mk_fancy_title font_family=&#8221;none&#8221; el_class=&#8221;h1-white&#8221;]\n<h1 style=\"text-align: center;\">EFTERMIDDAGSUNDERVISNING<\/h1>\n[\/mk_fancy_title][\/vc_column][\/vc_row][vc_row fullwidth=&#8221;true&#8221; css=&#8221;.vc_custom_1511532602155{background-color: #eb4339 !important;}&#8221; el_class=&#8221;info-bg-1&#8243;][vc_column width=&#8221;1\/2&#8243;][vc_column_text el_class=&#8221;info-desc&#8221; css=&#8221;.vc_custom_1759479816459{margin-bottom: 0px !important;margin-left: 20px !important;padding-bottom: 20px !important;}&#8221;]<strong>Musikfostran f\u00f6r sm\u00e5barn, musiklek,<\/strong>\u00a0handlar fr\u00e4mst om gruppundervisning, d\u00e4r man f\u00e5r bekanta sig med musikens grunder genom s\u00e5ng, spel, r\u00f6relse, lyssnande och integrering med bildkonst.<\/p>\n<p>Till musikfostran f\u00f6r sm\u00e5barn h\u00f6r ocks\u00e5 f\u00f6rberedande musikundervisning. F\u00f6rberedande musikundervisning ges i sm\u00e5grupper med hj\u00e4lp av kantele och ukulele.<\/p>\n<p>Undervisningen sker p\u00e5 finska. Antagningen sker i anm\u00e4lningsordning, utan intr\u00e4desprov. Vi tar in elever under hela l\u00e4s\u00e5ret, f\u00f6rutom de sista veckorna innan terminslutet.<\/p>\n<p>Grupperna och tidtabellen hittar du via l\u00e4nken Musiklek nedan.<\/p>\n<p>OBS! N\u00e4sta l\u00e4s\u00e5rs tidtabell publiceras och anm\u00e4lan till grupperna sker i regel inom maj m\u00e5nad.[\/vc_column_text][vc_btn title=&#8221;Musiklekgrupperna och eftermiddagsklubbarna 2026-2027&#8243; style=&#8221;flat&#8221; color=&#8221;primary&#8221; size=&#8221;lg&#8221; align=&#8221;center&#8221; i_icon_fontawesome=&#8221;fa fa-info-circle&#8221; add_icon=&#8221;true&#8221; link=&#8221;url:https%3A%2F%2Fdrive.google.com%2Ffile%2Fd%2F1XFiCu0GnwyuBD0AD7AXf7oRzHn8sYMk3%2Fview%3Fusp%3Dsharing||target:%20_blank|&#8221;][vc_btn title=&#8221;Anm\u00e4l dig till musiklek och eftermiddagsklubbar&#8221; style=&#8221;flat&#8221; color=&#8221;primary&#8221; size=&#8221;lg&#8221; align=&#8221;center&#8221; i_icon_fontawesome=&#8221;fa fa-info-circle&#8221; add_icon=&#8221;true&#8221; link=&#8221;url:https%3A%2F%2Fkaumo.eepos.fi%2F||target:%20_blank|&#8221;][\/vc_column][vc_column width=&#8221;1\/2&#8243;][vc_column_text el_class=&#8221;info-desc&#8221; css=&#8221;.vc_custom_1660133899716{margin-bottom: 0px !important;margin-left: 20px !important;padding-bottom: 20px !important;}&#8221;]J\u00e4msides med den traditionella musikundervisningen har musikinstitutet ett m\u00e5ngsidigt utbud av eftermiddagsaktiviteter.<\/p>\n<p>Eftermiddagsundervisningen, dvs <strong>eftermiddagsklubbar<\/strong>, \u00e4r avsedd f\u00f6r l\u00e5gstadieelever, som vill ut\u00f6va musik p\u00e5 m\u00e5ngsidiga s\u00e4tt, genom s\u00e5v\u00e4l s\u00e5ng och spel, som genom att kombinera musiken med andra konstarter s\u00e5som bildkonst eller drama. Undervisningsutbudet varierar per l\u00e4s\u00e5r.<\/p>\n<p>Undervisningen ordnas antingen i skolorna eller i musikinstitutets \u00f6vriga utrymmen.<\/p>\n<p>Till eftermiddagsklubbarna antas eleverna i anm\u00e4lningsordning.<\/p>\n<p>Utbudet f\u00f6r innevarande \u00e5r hittar du via l\u00e4nken Eftermiddagsklubbar nedan.[\/vc_column_text][\/vc_column][\/vc_row][vc_row fullwidth=&#8221;true&#8221; css=&#8221;.vc_custom_1511524182567{background-color: #d4295d !important;}&#8221;][vc_column][mk_padding_divider size=&#8221;50&#8243;][mk_fancy_title font_family=&#8221;none&#8221; el_class=&#8221;h1-white&#8221;]\n<h1 style=\"text-align: center;\">GRUNDSTUDIERNA INOM MUSIKUNDERVISNINGEN<\/h1>\n[\/mk_fancy_title][\/vc_column][\/vc_row][vc_row fullwidth=&#8221;true&#8221; css=&#8221;.vc_custom_1511525687970{background-color: #d4295d !important;background-position: center !important;background-repeat: no-repeat !important;background-size: cover !important;}&#8221;][vc_column width=&#8221;1\/2&#8243;][vc_column_text el_class=&#8221;info-desc&#8221; css=&#8221;.vc_custom_1693214102870{margin-bottom: 40px !important;margin-left: 20px !important;padding-bottom: 20px !important;}&#8221;]<strong>Grundstudierna<\/strong> inom musikundervisningen \u00e4r i huvudsak avsedda f\u00f6r skolelever och unga som \u00e4r intresserade av musik. Undervisningen sker p\u00e5 musiklektioner, samspelslektioner och gemensamma lektioner f\u00f6r musikgestaltning. Undervisningen \u00e4r m\u00e5linriktad och f\u00f6ljer den grundl\u00e4ggande konstundervisningens l\u00e4roplan.<\/p>\n<p>Undervisning ges i f\u00f6ljande \u00e4mnen: altviolin, dragspel, gitarr, klarinett, kontrabas, valthorn, s\u00e5ng (s\u00e5v\u00e4l klassisk som pop-\/jazzs\u00e5ng), slaginstrument, musikteknologi, blockfl\u00f6jt, oboe, trombon, piano, saxofon, trumpet, fritt ackompanjemang och violin. Undervisning kan \u00e4ven ges i andra \u00e4mnen. https:\/\/kulturakademin.se\/vad-ar-jazzsang\/<\/p>\n<p><strong>Start\u00e5lder<\/strong><\/p>\n<ul>\n<li>S\u00e5ng: \u00c5ldersgr\u00e4nsen f\u00f6r klassisk s\u00e5ng och pop-\/jazzs\u00e5ng \u00e4r 13 \u00e5r.<\/li>\n<li>Bl\u00e5sinstrument: En l\u00e4mplig start\u00e5lder f\u00f6r fl\u00f6jt, klarinett, trumpet, kornett samt tenor- och barytonhorn \u00e4r 7 \u00e5r. F\u00f6r oboe och valthorn \u00e4r en bra start\u00e5lder fr\u00e5n 9 \u00e5r upp\u00e5t.<\/li>\n<li>Trombonspelandet kan p\u00e5b\u00f6rjas redan f\u00f6re skol\u00e5ldern.<\/li>\n<li>Andra instrument g\u00e5r bra att spela redan f\u00f6re skol\u00e5ldern.<\/li>\n<\/ul>\n[\/vc_column_text][mk_padding_divider size=&#8221;25&#8243;][\/vc_column][vc_column width=&#8221;1\/2&#8243; css=&#8221;.vc_custom_1511525683052{background-color: #d4295d !important;background-position: center !important;background-repeat: no-repeat !important;background-size: cover !important;}&#8221;][vc_single_image image=&#8221;381&#8243; img_size=&#8221;full&#8221; alignment=&#8221;center&#8221;][mk_padding_divider size=&#8221;25&#8243;][\/vc_column][\/vc_row][vc_row fullwidth=&#8221;true&#8221; css=&#8221;.vc_custom_1511448971102{background-color: #4047a2 !important;}&#8221;][vc_column][mk_padding_divider size=&#8221;50&#8243;][mk_fancy_title font_family=&#8221;none&#8221; el_class=&#8221;h1-white&#8221;]\n<h1 style=\"text-align: center;\">ALLM\u00c4NNA STUDIER INOM MUSIKUNDERVISNINGEN<\/h1>\n[\/mk_fancy_title][\/vc_column][\/vc_row][vc_row fullwidth=&#8221;true&#8221; css=&#8221;.vc_custom_1513186142960{background-color: #4047a2 !important;}&#8221;][vc_column width=&#8221;1\/2&#8243;][vc_column_text el_class=&#8221;info-desc&#8221; css=&#8221;.vc_custom_1613557160484{margin-bottom: 40px !important;margin-left: 40px !important;padding-bottom: 20px !important;padding-left: 20px !important;}&#8221;]De allm\u00e4nna studierna inom musiken \u00e4r avsedda f\u00f6r alla ut\u00f6vare av musik som vill delta i m\u00e5linriktad undervisning i enlighet med l\u00e4roplanen f\u00f6r den allm\u00e4nna l\u00e4rokursen inom musik. Antagningen sker utan intr\u00e4desprov, i takt med att elevplatser ledigg\u00f6rs. I samband med de allm\u00e4nna studierna deltar eleven ocks\u00e5 i undervisningen i samspel. Eleven har \u00e4ven m\u00f6jlighet att avl\u00e4gga niv\u00e5prov f\u00f6r musikstudier eller ta del av undervisningen i musikgestaltningens \u00e4mnen.<\/p>\n<p>Kontakta kansliet ifall du vill fr\u00e5ga om lediga platser.[\/vc_column_text][mk_padding_divider size=&#8221;10&#8243;][\/vc_column][vc_column width=&#8221;1\/2&#8243; css=&#8221;.vc_custom_1511526058230{background-color: #4047a2 !important;background-position: center !important;background-repeat: no-repeat !important;background-size: cover !important;}&#8221;][vc_single_image image=&#8221;578&#8243; img_size=&#8221;full&#8221; alignment=&#8221;center&#8221;][mk_padding_divider size=&#8221;25&#8243;][\/vc_column][\/vc_row][vc_row fullwidth=&#8221;true&#8221;][vc_column][mk_padding_divider size=&#8221;50&#8243;][mk_fancy_title font_family=&#8221;none&#8221;]\n<h1 style=\"text-align: center;\">Mer information<\/h1>\n[\/mk_fancy_title][\/vc_column][\/vc_row][vc_row fullwidth=&#8221;true&#8221; css=&#8221;.vc_custom_1513186737949{background-position: 0 0 !important;background-repeat: repeat !important;}&#8221;][vc_column width=&#8221;1\/3&#8243;][vc_btn title=&#8221;Termin &amp; studieavgifter&#8221; style=&#8221;flat&#8221; color=&#8221;primary&#8221; size=&#8221;lg&#8221; align=&#8221;center&#8221; i_icon_fontawesome=&#8221;fa fa-info-circle&#8221; add_icon=&#8221;true&#8221; link=&#8221;url:%2Flukuvuosi|||&#8221;][\/vc_column][vc_column width=&#8221;1\/3&#8243;][vc_btn title=&#8221;L\u00e4roplan 2018&#8243; style=&#8221;flat&#8221; color=&#8221;violet&#8221; size=&#8221;lg&#8221; align=&#8221;center&#8221; i_icon_fontawesome=&#8221;fa fa-download&#8221; add_icon=&#8221;true&#8221; link=&#8221;url:https%3A%2F%2Fdrive.google.com%2Ffile%2Fd%2F10hExe473wqwmo0Lrrs5VPEmoOp72Vt4G%2Fview%3Fusp%3Dsharing|||&#8221;][\/vc_column][vc_column width=&#8221;1\/3&#8243;][vc_btn title=&#8221;Registrera dig f\u00f6r undervisning&#8221; style=&#8221;flat&#8221; color=&#8221;info&#8221; size=&#8221;lg&#8221; align=&#8221;center&#8221; i_icon_fontawesome=&#8221;fa fa-paper-plane-o&#8221; add_icon=&#8221;true&#8221; link=&#8221;url:%2Filmoittautuminen|||&#8221;][mk_padding_divider size=&#8221;50&#8243;][\/vc_column][\/vc_row]\n","protected":false},"excerpt":{"rendered":"<p>[vc_row fullwidth=&#8221;true&#8221; css=&#8221;.vc_custom_1511529543975{background-color: #eb4339 !important;}&#8221;][vc_column width=&#8221;1\/2&#8243;][mk_padding_divider size=&#8221;50&#8243;][mk_fancy_title font_family=&#8221;none&#8221; el_class=&#8221;h1-white&#8221;] MUSIKFOSTRAN F\u00d6R SM\u00c5BARN [\/mk_fancy_title][\/vc_column][vc_column width=&#8221;1\/2&#8243;][mk_padding_divider size=&#8221;50&#8243;][mk_fancy_title font_family=&#8221;none&#8221; el_class=&#8221;h1-white&#8221;] EFTERMIDDAGSUNDERVISNING [\/mk_fancy_title][\/vc_column][\/vc_row][vc_row fullwidth=&#8221;true&#8221; css=&#8221;.vc_custom_1511532602155{background-color: #eb4339 !important;}&#8221; el_class=&#8221;info-bg-1&#8243;][vc_column width=&#8221;1\/2&#8243;][vc_column_text el_class=&#8221;info-desc&#8221; css=&#8221;.vc_custom_1759479816459{margin-bottom: 0px !important;margin-left: 20px [&hellip;]<\/p>\n","protected":false},"author":1,"featured_media":0,"parent":0,"menu_order":2,"comment_status":"closed","ping_status":"closed","template":"","meta":{"footnotes":""},"class_list":["post-13","page","type-page","status-publish","hentry"],"translation":{"provider":"WPGlobus","version":"3.0.0","language":"sv","enabled_languages":["fi","sv"],"languages":{"fi":{"title":true,"content":true,"excerpt":false},"sv":{"title":true,"content":true,"excerpt":false}}},"_links":{"self":[{"href":"https:\/\/kaumo.fi\/sv\/wp-json\/wp\/v2\/pages\/13","targetHints":{"allow":["GET"]}}],"collection":[{"href":"https:\/\/kaumo.fi\/sv\/wp-json\/wp\/v2\/pages"}],"about":[{"href":"https:\/\/kaumo.fi\/sv\/wp-json\/wp\/v2\/types\/page"}],"author":[{"embeddable":true,"href":"https:\/\/kaumo.fi\/sv\/wp-json\/wp\/v2\/users\/1"}],"replies":[{"embeddable":true,"href":"https:\/\/kaumo.fi\/sv\/wp-json\/wp\/v2\/comments?post=13"}],"version-history":[{"count":292,"href":"https:\/\/kaumo.fi\/sv\/wp-json\/wp\/v2\/pages\/13\/revisions"}],"predecessor-version":[{"id":9595,"href":"https:\/\/kaumo.fi\/sv\/wp-json\/wp\/v2\/pages\/13\/revisions\/9595"}],"wp:attachment":[{"href":"https:\/\/kaumo.fi\/sv\/wp-json\/wp\/v2\/media?parent=13"}],"curies":[{"name":"wp","href":"https:\/\/api.w.org\/{rel}","templated":true}]}}